{"id":7020,"date":"2024-08-29T21:51:20","date_gmt":"2024-08-29T19:51:20","guid":{"rendered":"https:\/\/rehwald-associates.ch\/declaration-de-confidentialite\/"},"modified":"2025-09-30T10:56:49","modified_gmt":"2025-09-30T08:56:49","slug":"declaration-de-confidentialite","status":"publish","type":"page","link":"https:\/\/rehwald-associates.ch\/fr\/declaration-de-confidentialite\/","title":{"rendered":"D\u00e9claration de confidentialit\u00e9"},"content":{"rendered":"\n<h2 class=\"wp-block-heading\">D\u00e9claration de confidentialit\u00e9<\/h2>\n\n<h2 class=\"wp-block-heading\">1. la protection des donn\u00e9es en un coup d&rsquo;\u0153il<\/h2>\n\n<h3 class=\"wp-block-heading\">Remarques g\u00e9n\u00e9rales<\/h3>\n\n<p>Les remarques suivantes donnent un aper\u00e7u simple de ce qu\u2019il advient de vos donn\u00e9es personnelles lorsque vous visitez ce site web. Les donn\u00e9es personnelles sont toutes les donn\u00e9es permettant de vous identifier personnellement. Des informations d\u00e9taill\u00e9es sur la protection des donn\u00e9es figurent dans la d\u00e9claration de confidentialit\u00e9 ci-dessous.  <\/p>\n\n<h3 class=\"wp-block-heading\">Collecte des donn\u00e9es sur ce site web<\/h3>\n\n<h4 class=\"wp-block-heading\">Qui est responsable de la collecte des donn\u00e9es sur ce site web ?<\/h4>\n\n<p>Le traitement des donn\u00e9es sur ce site web est effectu\u00e9 par l&rsquo;exploitant du site. Vous pouvez consulter ses coordonn\u00e9es dans la section \u00ab Information sur l\u2019entit\u00e9 responsable \u00bb de cette d\u00e9claration de confidentialit\u00e9. <\/p>\n\n<h4 class=\"wp-block-heading\">Comment collectons-nous vos donn\u00e9es ?<\/h4>\n\n<p>D&rsquo;une part, vos donn\u00e9es sont collect\u00e9es lorsque vous nous les communiquez, par exemple en remplissant un formulaire de contact. <\/p>\n\n<p>D\u2019autre part, d\u2019autres donn\u00e9es sont automatiquement collect\u00e9es ou apr\u00e8s votre consentement lors de la visite du site web par nos syst\u00e8mes informatiques. Il s\u2019agit principalement de donn\u00e9es techniques (par ex. navigateur Internet, syst\u00e8me d\u2019exploitation ou heure de l\u2019acc\u00e8s au site). Ces donn\u00e9es sont collect\u00e9es automatiquement d\u00e8s que vous acc\u00e9dez \u00e0 ce site.  <\/p>\n\n<h4 class=\"wp-block-heading\">Pourquoi utilisons-nous vos donn\u00e9es ?<\/h4>\n\n<p>Une partie des donn\u00e9es est collect\u00e9e pour garantir une mise \u00e0 disposition sans erreur du site web. D&rsquo;autres donn\u00e9es peuvent \u00eatre utilis\u00e9es pour analyser votre comportement d&rsquo;utilisateur. <\/p>\n\n<h4 class=\"wp-block-heading\">Quels sont vos droits concernant vos donn\u00e9es ?<\/h4>\n\n<p>Vous avez le droit, \u00e0 tout moment et gratuitement, de demander des informations sur l&rsquo;origine, les destinataires et les finalit\u00e9s de vos donn\u00e9es personnelles enregistr\u00e9es. Vous avez \u00e9galement le droit de demander la rectification ou la suppression de ces donn\u00e9es. Si vous avez consenti au traitement des donn\u00e9es, vous pouvez r\u00e9voquer ce consentement \u00e0 tout moment pour l&rsquo;avenir. En outre, vous avez le droit de demander, dans certaines circonstances, la limitation du traitement de vos donn\u00e9es personnelles. Vous avez \u00e9galement un droit de recours aupr\u00e8s de l\u2019autorit\u00e9 de surveillance comp\u00e9tente.    <\/p>\n\n<p>Pour toute question relative \u00e0 la protection des donn\u00e9es, vous pouvez nous contacter \u00e0 tout moment.<\/p>\n\n<h3 class=\"wp-block-heading\">Outils d\u2019analyse et outils de fournisseurs tiers<\/h3>\n\n<p>Lors de votre visite sur ce site web, votre comportement de navigation peut \u00eatre analys\u00e9 statistiquement. Cela se fait principalement \u00e0 l\u2019aide de programmes d\u2019analyse. <\/p>\n\n<p>Vous trouverez des informations d\u00e9taill\u00e9es sur ces programmes d\u2019analyse dans la d\u00e9claration de confidentialit\u00e9 ci-dessous.<\/p>\n\n<h2 class=\"wp-block-heading\">2. H\u00e9bergement<\/h2>\n\n<p>Nous h\u00e9bergeons le contenu de notre site web chez le fournisseur suivant :<\/p>\n\n<h3 class=\"wp-block-heading\">IONOS<\/h3>\n\n<p>Le fournisseur est IONOS SE, Elgendorfer Str. 57, 56410 Montabaur, Allemagne (ci-apr\u00e8s d\u00e9nomm\u00e9 IONOS). Lorsque vous visitez notre site web, IONOS collecte diff\u00e9rents fichiers journaux, y compris vos adresses IP. Vous trouverez des d\u00e9tails dans la d\u00e9claration de confidentialit\u00e9 d\u2019IONOS : <a href=\"https:\/\/www.ionos.de\/terms-gtc\/terms-privacy\" target=\"_blank\" rel=\"noreferrer noopener\">https:\/\/www.ionos.de\/terms-gtc\/terms-privacy<\/a>.  <\/p>\n\n<p>L&rsquo;utilisation de IONOS est bas\u00e9e sur l&rsquo;art. 6, al. 1, let. f du RGPD.   Nous avons un int\u00e9r\u00eat l\u00e9gitime \u00e0 ce que notre site web soit pr\u00e9sent\u00e9 de la mani\u00e8re la plus fiable possible. Si un consentement correspondant a \u00e9t\u00e9 demand\u00e9, le traitement est effectu\u00e9 exclusivement sur la base de l&rsquo;art. 6, al. 1, let. a du RGPD et de l&rsquo;art. 25, al.   1 TDDDG, dans la mesure o\u00f9 le consentement comprend le stockage de cookies ou l&rsquo;acc\u00e8s \u00e0 des informations sur le terminal de l&rsquo;utilisateur (par exemple, l&#8217;empreinte digitale de l&rsquo;appareil) au sens de la TDDDG. Le consentement peut \u00eatre r\u00e9voqu\u00e9 \u00e0 tout moment.<\/p>\n\n<h4 class=\"wp-block-heading\">Traitement des donn\u00e9es par des sous-traitants<\/h4>\n\n<p>Nous avons conclu un contrat de traitement des donn\u00e9es avec le fournisseur mentionn\u00e9 ci-dessus. Ce contrat garantit que les donn\u00e9es personnelles des visiteurs de notre site sont trait\u00e9es uniquement selon nos instructions et dans le respect du RGPD. <\/p>\n\n<h2 class=\"wp-block-heading\">3. Informations g\u00e9n\u00e9rales et obligations l\u00e9gales<\/h2>\n\n<h3 class=\"wp-block-heading\">Protection des donn\u00e9es<\/h3>\n\n<p>Les exploitants de ce site prennent tr\u00e8s au s\u00e9rieux la protection de vos donn\u00e9es personnelles. Nous traitons vos donn\u00e9es personnelles de mani\u00e8re confidentielle et conform\u00e9ment aux r\u00e9glementations l\u00e9gales sur la protection des donn\u00e9es ainsi qu\u2019\u00e0 cette d\u00e9claration de confidentialit\u00e9. <\/p>\n\n<p>Lorsque vous utilisez ce site web, diff\u00e9rentes donn\u00e9es personnelles sont collect\u00e9es. Les donn\u00e9es personnelles sont les donn\u00e9es qui permettent de vous identifier personnellement. Cette d\u00e9claration de confidentialit\u00e9 explique quelles donn\u00e9es nous collectons, comment et dans quel but nous les utilisons.   <\/p>\n\n<p>Nous attirons votre attention sur le fait que la transmission de donn\u00e9es sur Internet (par ex. lors de la communication par e-mail) peut pr\u00e9senter des failles de s\u00e9curit\u00e9. Une protection compl\u00e8te des donn\u00e9es contre l\u2019acc\u00e8s par des tiers n\u2019est pas possible. <\/p>\n\n<h3 class=\"wp-block-heading\">Information sur l\u2019entit\u00e9 responsable<\/h3>\n\n<p>L\u2019entit\u00e9 responsable du traitement des donn\u00e9es sur ce site web est :<\/p>\n\n<p>Rehwald Associates GmbH<br\/>Directeur g\u00e9n\u00e9ral : Manuel Rehwald<br\/>Altk\u00f6nigstr. 4a <br\/>D-61462 K\u00f6nigstein im Taunus<\/p>\n\n<p>T\u00e9l\u00e9phone : +49 6174 9357 639<br\/>E-mail : datenschutz@rehwald-associates.com<\/p>\n\n<p>L\u2019entit\u00e9 responsable est la personne physique ou morale qui d\u00e9cide seule ou conjointement avec d\u2019autres des finalit\u00e9s et des moyens du traitement des donn\u00e9es personnelles (par ex. noms, adresses e-mail, etc.).<\/p>\n\n<h3 class=\"wp-block-heading\">Dur\u00e9e de conservation des donn\u00e9es<\/h3>\n\n<p>Sauf indication contraire d&rsquo;une dur\u00e9e de conservation sp\u00e9cifique dans cette politique de confidentialit\u00e9, vos donn\u00e9es personnelles resteront chez nous jusqu&rsquo;\u00e0 ce que l&rsquo;objectif du traitement des donn\u00e9es devienne caduc. Si vous faites valoir une demande de suppression justifi\u00e9e ou r\u00e9voquez votre consentement au traitement des donn\u00e9es, vos donn\u00e9es seront supprim\u00e9es, \u00e0 moins que nous ayons d&rsquo;autres raisons l\u00e9gales valables de les conserver (par exemple, des obligations de conservation fiscales ou commerciales) ; dans ce dernier cas, les donn\u00e9es seront supprim\u00e9es apr\u00e8s la disparition de ces raisons. <\/p>\n\n<h3 class=\"wp-block-heading\">Informations g\u00e9n\u00e9rales sur les bases l\u00e9gales du traitement des donn\u00e9es sur ce site web<\/h3>\n\n<p>Le traitement des donn\u00e9es personnelles est effectu\u00e9 sur la base du R\u00e8glement g\u00e9n\u00e9ral sur la protection des donn\u00e9es (RGPD) et \u2013 le cas \u00e9ch\u00e9ant \u2013 de la loi f\u00e9d\u00e9rale suisse sur la protection des donn\u00e9es (nLPD \/ revDSG).<\/p>\n\n<p>Les bases l\u00e9gales sont notamment :<\/p>\n\n<ul class=\"wp-block-list\">\n<li><strong>Le consentement de la personne concern\u00e9e<\/strong> (art. 6, par. 1, let. a RGPD \/ art. 31, al. 1 nLPD)<\/li>\n\n\n\n<li><strong>L\u2019ex\u00e9cution d\u2019un contrat ou de mesures pr\u00e9contractuelles <\/strong>(art. 6, par. 1, let. b RGPD \/ art. 31, al. 2, let. a nLPD)<\/li>\n\n\n\n<li><strong>Le respect d\u2019obligations l\u00e9gales<\/strong> (art. 6, par. 1, let. c RGPD \/ art. 31, al. 1 nLPD)<\/li>\n\n\n\n<li><strong>La sauvegarde des int\u00e9r\u00eats l\u00e9gitimes du responsable du traitement ou de tiers<\/strong> (art. 6, par. 1, let. f RGPD \/ art. 31, al. 2, let. b nLPD)<\/li>\n<\/ul>\n\n<p>Des informations sur la base l\u00e9gale applicable dans chaque cas particulier sont fournies dans les sections suivantes de la pr\u00e9sente politique de confidentialit\u00e9.<\/p>\n\n<h3 class=\"wp-block-heading\">Avis concernant le transfert de donn\u00e9es vers des pays tiers n\u2019offrant pas une protection des donn\u00e9es conforme ainsi qu\u2019aux entreprises am\u00e9ricaines non certifi\u00e9es DPF<\/h3>\n\n<p>Nous utilisons entre autres des outils d\u2019entreprises situ\u00e9es dans des pays tiers qui ne garantissent pas un niveau de protection des donn\u00e9es conforme \u00e0 celui de l\u2019UE ainsi que des outils am\u00e9ricains dont les fournisseurs ne sont pas certifi\u00e9s dans le cadre du EU-US Data Privacy Framework (DPF). Si ces outils sont actifs, vos donn\u00e9es personnelles peuvent \u00eatre transf\u00e9r\u00e9es vers ces pays et y \u00eatre trait\u00e9es. Nous signalons que dans les pays tiers non conformes, aucun niveau de protection des donn\u00e9es comparable \u00e0 celui de l\u2019UE ne peut \u00eatre garanti.  <\/p>\n\n<p>Nous signalons \u00e9galement que les \u00c9tats-Unis sont d\u00e9sormais consid\u00e9r\u00e9s comme un pays tiers s\u00fbr disposant d\u2019un niveau de protection des donn\u00e9es comparable \u00e0 celui de l\u2019UE. Le transfert de donn\u00e9es vers les \u00c9tats-Unis est ainsi autoris\u00e9 si le destinataire est certifi\u00e9 sous le EU-US Data Privacy Framework (DPF) ou dispose de garanties suppl\u00e9mentaires appropri\u00e9es. Des informations sur les transferts vers des pays tiers, y compris les destinataires des donn\u00e9es, sont disponibles dans cette politique de confidentialit\u00e9.  <\/p>\n\n<h3 class=\"wp-block-heading\">Destinataires de donn\u00e9es personnelles<\/h3>\n\n<p>Dans le cadre de nos activit\u00e9s, nous collaborons avec diverses parties externes. Cela inclut parfois la transmission de donn\u00e9es personnelles \u00e0 ces tiers. Nous transmettons des donn\u00e9es personnelles uniquement si cela est n\u00e9cessaire pour l\u2019ex\u00e9cution d\u2019un contrat, si nous y sommes l\u00e9galement tenus (par exemple, transmission de donn\u00e9es aux autorit\u00e9s fiscales), si nous avons un int\u00e9r\u00eat l\u00e9gitime en vertu de l\u2019article 6, paragraphe 1, point f) du RGPD, ou si une autre base l\u00e9gale justifie cette transmission. Lors de l\u2019utilisation de sous-traitants, les donn\u00e9es de nos clients sont transmises uniquement sur la base d\u2019un contrat de traitement des donn\u00e9es valide. En cas de traitement conjoint, un contrat de traitement conjoint est conclu.      <\/p>\n\n<h3 class=\"wp-block-heading\">R\u00e9vocation de votre consentement au traitement des donn\u00e9es<\/h3>\n\n<p>De nombreuses op\u00e9rations de traitement des donn\u00e9es ne sont possibles qu\u2019avec votre consentement explicite. Vous pouvez r\u00e9voquer \u00e0 tout moment un consentement d\u00e9j\u00e0 accord\u00e9. La l\u00e9galit\u00e9 du traitement des donn\u00e9es effectu\u00e9 jusqu\u2019\u00e0 la r\u00e9vocation reste inchang\u00e9e.  <\/p>\n\n<h3 class=\"wp-block-heading\">Droit d\u2019opposition \u00e0 la collecte de donn\u00e9es dans des cas sp\u00e9cifiques et \u00e0 des fins de publicit\u00e9 directe (article 21 du RGPD)<\/h3>\n\n<p>SI LE TRAITEMENT DES DONN\u00c9ES EST EFFECTU\u00c9 SUR LA BASE DE L\u2019ARTICLE 6, PARAGRAPHE 1, POINT E) OU F) DU RGPD, VOUS AVEZ LE DROIT, \u00c0 TOUT MOMENT, POUR DES RAISONS LI\u00c9ES \u00c0 VOTRE SITUATION PARTICULI\u00c8RE, DE VOUS OPPOSER AU TRAITEMENT DE VOS DONN\u00c9ES PERSONNELLES ; CELA VAUT \u00c9GALEMENT POUR LE PROFILAGE BAS\u00c9 SUR CES DISPOSITIONS. LES BASES L\u00c9GALES APPLICABLES \u00c0 CHAQUE TRAITEMENT SONT SP\u00c9CIFI\u00c9ES DANS CETTE POLITIQUE DE CONFIDENTIALIT\u00c9.<br\/>SI VOUS VOUS OPPOSEZ, NOUS NE TRAITERONS PLUS VOS DONN\u00c9ES PERSONNELLES, SAUF SI NOUS POUVONS D\u00c9MONTRER DES MOTIFS IMP\u00c9RIEUX ET L\u00c9GITIMES POUR LE TRAITEMENT QUI PR\u00c9VALENT SUR VOS INT\u00c9R\u00caTS, DROITS ET LIBERT\u00c9S, OU SI LE TRAITEMENT SERT \u00c0 FAIRE VALOIR, EXERCER OU D\u00c9FENDRE DES DROITS JURIDIQUES (OPPOSITION CONFORM\u00c9MENT \u00c0 L\u2019ARTICLE 21, PARAGRAPHE 1 DU RGPD).    <\/p>\n\n<p>SI VOS DONN\u00c9ES PERSONNELLES SONT TRAIT\u00c9ES \u00c0 DES FINS DE PUBLICIT\u00c9 DIRECTE, VOUS AVEZ LE DROIT DE VOUS OPPOSER \u00c0 TOUT MOMENT AU TRAITEMENT DES DONN\u00c9ES PERSONNELLES \u00c0 CES FINS, Y COMPRIS AU PROFILAGE LI\u00c9 \u00c0 UNE TELLE PUBLICIT\u00c9 DIRECTE. SI VOUS VOUS OPPOSEZ, VOS DONN\u00c9ES PERSONNELLES NE SERONT PLUS UTILIS\u00c9ES \u00c0 DES FINS DE PUBLICIT\u00c9 DIRECTE (OPPOSITION CONFORM\u00c9MENT \u00c0 L\u2019ARTICLE 21, PARAGRAPHE 2 DU RGPD). <\/p>\n\n<h3 class=\"wp-block-heading\">Droit de r\u00e9clamation aupr\u00e8s de l\u2019autorit\u00e9 de contr\u00f4le comp\u00e9tente<\/h3>\n\n<p>En cas de violation du RGPD, les personnes concern\u00e9es disposent d\u2019un droit de r\u00e9clamation aupr\u00e8s d\u2019une autorit\u00e9 de contr\u00f4le, en particulier dans l\u2019\u00c9tat membre de leur r\u00e9sidence habituelle, de leur lieu de travail ou du lieu o\u00f9 l\u2019infraction pr\u00e9sum\u00e9e a \u00e9t\u00e9 commise. Le droit de r\u00e9clamation s\u2019applique sans pr\u00e9judice des autres recours administratifs ou judiciaires. <\/p>\n\n<h3 class=\"wp-block-heading\">Droit \u00e0 la portabilit\u00e9 des donn\u00e9es<\/h3>\n\n<p>Vous avez le droit de recevoir, dans un format structur\u00e9, couramment utilis\u00e9 et lisible par machine, les donn\u00e9es que nous traitons automatiquement sur la base de votre consentement ou en ex\u00e9cution d\u2019un contrat. Si vous demandez le transfert direct des donn\u00e9es \u00e0 un autre responsable du traitement, cela sera effectu\u00e9 uniquement dans la mesure o\u00f9 cela est techniquement possible. <\/p>\n\n<h3 class=\"wp-block-heading\">Acc\u00e8s, rectification et suppression<\/h3>\n\n<p>Dans le cadre des dispositions l\u00e9gales en vigueur, vous avez \u00e0 tout moment le droit d&rsquo;obtenir gratuitement des informations sur vos donn\u00e9es personnelles enregistr\u00e9es, leur origine et leur destinataire ainsi que sur la finalit\u00e9 du traitement des donn\u00e9es et, le cas \u00e9ch\u00e9ant, un droit de rectification ou de suppression de ces donn\u00e9es. Pour cela, ainsi que pour toute autre question relative aux donn\u00e9es personnelles, vous pouvez nous contacter \u00e0 tout moment. <\/p>\n\n<h3 class=\"wp-block-heading\">Droit \u00e0 la limitation du traitement<\/h3>\n\n<p>Vous avez le droit de demander la limitation du traitement de vos donn\u00e9es personnelles. Pour ce faire, vous pouvez nous contacter \u00e0 tout moment. Le droit \u00e0 la limitation du traitement existe dans les cas suivants :  <\/p>\n\n<ul class=\"wp-block-list\">\n<li>Si vous contestez l&rsquo;exactitude de vos donn\u00e9es \u00e0 caract\u00e8re personnel enregistr\u00e9es chez nous, nous avons g\u00e9n\u00e9ralement besoin de temps pour le v\u00e9rifier. Pendant la dur\u00e9e de la v\u00e9rification, vous avez le droit de demander la limitation du traitement de vos donn\u00e9es \u00e0 caract\u00e8re personnel. <\/li>\n\n\n\n<li>Si le traitement de vos donn\u00e9es personnelles s&rsquo;est produit\/se produit de mani\u00e8re ill\u00e9gale, vous pouvez demander la limitation du traitement des donn\u00e9es au lieu de leur suppression.<\/li>\n\n\n\n<li>Si nous n&rsquo;avons plus besoin de vos donn\u00e9es \u00e0 caract\u00e8re personnel, mais que vous en avez besoin pour exercer, d\u00e9fendre ou faire valoir des droits juridiques, vous avez le droit de demander la limitation du traitement de vos donn\u00e9es \u00e0 caract\u00e8re personnel au lieu de leur suppression.<\/li>\n\n\n\n<li>Si vous avez fait opposition conform\u00e9ment \u00e0 l&rsquo;article 21, paragraphe 1, du RGPD, une mise en balance de vos int\u00e9r\u00eats et des n\u00f4tres doit \u00eatre effectu\u00e9e. Tant qu&rsquo;il n&rsquo;a pas \u00e9t\u00e9 d\u00e9termin\u00e9 quels int\u00e9r\u00eats pr\u00e9valent, vous avez le droit d&rsquo;exiger la limitation du traitement de vos donn\u00e9es personnelles.  <\/li>\n<\/ul>\n\n<p>Si vous avez limit\u00e9 le traitement de vos donn\u00e9es \u00e0 caract\u00e8re personnel, ces donn\u00e9es &#8211; \u00e0 l&rsquo;exception de leur conservation &#8211; ne peuvent \u00eatre trait\u00e9es qu&rsquo;avec votre consentement ou pour la constatation, l&rsquo;exercice ou la d\u00e9fense de droits en justice ou pour la protection des droits d&rsquo;une autre personne physique ou morale, ou encore pour un motif d&rsquo;int\u00e9r\u00eat public important de l&rsquo;Union europ\u00e9enne ou d&rsquo;un \u00c9tat membre.<\/p>\n\n<h3 class=\"wp-block-heading\">Cryptage SSL ou TLS<\/h3>\n\n<p>Pour des raisons de s\u00e9curit\u00e9 et afin de prot\u00e9ger la transmission de contenus confidentiels, tels que les commandes ou demandes que vous nous adressez, ce site utilise un cryptage SSL ou TLS. Une connexion crypt\u00e9e est reconnaissable au changement de la ligne d\u2019adresse du navigateur de \u00ab\u00a0http:\/\/\u00a0\u00bb \u00e0 \u00ab\u00a0https:\/\/\u00a0\u00bb et \u00e0 l\u2019ic\u00f4ne de cadenas dans la ligne du navigateur. <\/p>\n\n<p>Lorsque le cryptage SSL ou TLS est activ\u00e9, les donn\u00e9es que vous nous transmettez ne peuvent pas \u00eatre lues par des tiers.<\/p>\n\n<h2 class=\"wp-block-heading\">4. Collecte de donn\u00e9es sur ce site<\/h2>\n\n<h3 class=\"wp-block-heading\">Cookies<\/h3>\n\n<p>Notre site utilise des cookies. Les cookies sont de petits fichiers texte qui ne causent aucun dommage \u00e0 votre appareil. Ils sont soit stock\u00e9s temporairement pour la dur\u00e9e d\u2019une session (cookies de session), soit de mani\u00e8re permanente (cookies permanents). Les cookies de session sont automatiquement supprim\u00e9s \u00e0 la fin de votre visite. Les cookies permanents restent stock\u00e9s sur votre appareil jusqu\u2019\u00e0 ce que vous les supprimiez ou qu\u2019une suppression automatique soit effectu\u00e9e par votre navigateur.    <\/p>\n\n<p>Les cookies peuvent provenir de nous (cookies de premi\u00e8re partie) ou d&rsquo;entreprises tierces (cookies dits de troisi\u00e8me partie). Les cookies tiers permettent d&rsquo;int\u00e9grer certains services d&rsquo;entreprises tierces au sein des pages web (par exemple, des cookies pour le traitement des services de paiement). <\/p>\n\n<p>Les cookies ont diff\u00e9rentes fonctions. De nombreux cookies sont techniquement n\u00e9cessaires, car certaines fonctions du site web ne fonctionneraient pas sans eux (par exemple la fonction de panier d&rsquo;achat ou l&rsquo;affichage de vid\u00e9os). D&rsquo;autres cookies peuvent \u00eatre utilis\u00e9s pour \u00e9valuer le comportement des utilisateurs ou \u00e0 des fins publicitaires.  <\/p>\n\n<p>Les cookies n\u00e9cessaires \u00e0 l&rsquo;ex\u00e9cution du processus de communication \u00e9lectronique, \u00e0 la mise \u00e0 disposition de certaines fonctions que vous souhaitez (par ex. pour la fonction de panier d&rsquo;achat) ou \u00e0 l&rsquo;optimisation du site web (par ex. cookies de mesure d&rsquo;audience web) (cookies n\u00e9cessaires) sont enregistr\u00e9s sur la base de l&rsquo;article 6, paragraphe 1, point f du RGPD, sauf si une autre base juridique est indiqu\u00e9e. L&rsquo;exploitant du site web a un int\u00e9r\u00eat l\u00e9gitime \u00e0 l&rsquo;enregistrement des cookies n\u00e9cessaires pour une mise \u00e0 disposition de ses services sans erreur technique et optimis\u00e9e. Si un consentement a \u00e9t\u00e9 demand\u00e9 pour le stockage de cookies et de technologies de reconnaissance comparables, le traitement est effectu\u00e9 exclusivement sur la base de ce consentement (article 6, paragraphe 1, point a) du RGPD et article 25, paragraphe 1 de la TDDDG) ; le consentement peut \u00eatre r\u00e9voqu\u00e9 \u00e0 tout moment.    <\/p>\n\n<p>Vous pouvez configurer votre navigateur de mani\u00e8re \u00e0 \u00eatre inform\u00e9 de l&rsquo;installation de cookies et \u00e0 n&rsquo;autoriser les cookies qu&rsquo;au cas par cas, \u00e0 exclure l&rsquo;acceptation de cookies dans certains cas ou de mani\u00e8re g\u00e9n\u00e9rale, et \u00e0 activer la suppression automatique des cookies \u00e0 la fermeture du navigateur. En cas de d\u00e9sactivation des cookies, la fonctionnalit\u00e9 de ce site web peut \u00eatre limit\u00e9e. <\/p>\n\n<p>Pour savoir quels cookies et services sont utilis\u00e9s sur ce site, veuillez consulter la pr\u00e9sente d\u00e9claration de confidentialit\u00e9.<\/p>\n\n<h3 class=\"wp-block-heading\">Formulaire de contact<\/h3>\n\n<p>Si vous nous faites parvenir des demandes par le biais du formulaire de contact, les informations que vous avez fournies dans le formulaire de demande, y compris les donn\u00e9es de contact que vous y avez indiqu\u00e9es, sont enregistr\u00e9es chez nous \u00e0 des fins de traitement de la demande et en cas de questions de suivi. Nous ne transmettons pas ces donn\u00e9es sans votre consentement. <\/p>\n\n<p>Le traitement de ces donn\u00e9es est fond\u00e9 sur l&rsquo;article 6, paragraphe 1, point b), du RGPD, dans la mesure o\u00f9 votre demande est li\u00e9e \u00e0 l&rsquo;ex\u00e9cution d&rsquo;un contrat ou est n\u00e9cessaire \u00e0 l&rsquo;ex\u00e9cution de mesures pr\u00e9contractuelles. Dans tous les autres cas, le traitement repose sur notre int\u00e9r\u00eat l\u00e9gitime \u00e0 traiter efficacement les demandes qui nous sont adress\u00e9es (article 6, paragraphe 1, point f) du RGPD) ou sur votre consentement (article 6, paragraphe 1, point a) du RGPD) dans la mesure o\u00f9 celui-ci a \u00e9t\u00e9 demand\u00e9 ; le consentement peut \u00eatre retir\u00e9 \u00e0 tout moment.   <\/p>\n\n<p>Les donn\u00e9es que vous avez saisies dans le formulaire de contact restent chez nous jusqu&rsquo;\u00e0 ce que vous nous demandiez de les supprimer, que vous r\u00e9voquiez votre autorisation de les enregistrer ou que le but de l&rsquo;enregistrement des donn\u00e9es devienne caduc (par ex. apr\u00e8s le traitement de votre demande). Les dispositions l\u00e9gales contraignantes &#8211; en particulier les d\u00e9lais de conservation &#8211; ne sont pas affect\u00e9es. <\/p>\n\n<h3 class=\"wp-block-heading\">Demande par e-mail, t\u00e9l\u00e9phone ou fax<\/h3>\n\n<p>Si vous nous contactez par e-mail, t\u00e9l\u00e9phone ou fax, votre demande, y compris toutes les donn\u00e9es personnelles qui en d\u00e9coulent (nom, demande), sera enregistr\u00e9e et trait\u00e9e par nos soins dans le but de traiter votre demande. Nous ne transmettons pas ces donn\u00e9es sans votre consentement. <\/p>\n\n<p>Le traitement de ces donn\u00e9es est fond\u00e9 sur l&rsquo;article 6, paragraphe 1, point b), du RGPD, dans la mesure o\u00f9 votre demande est li\u00e9e \u00e0 l&rsquo;ex\u00e9cution d&rsquo;un contrat ou est n\u00e9cessaire \u00e0 l&rsquo;ex\u00e9cution de mesures pr\u00e9contractuelles. Dans tous les autres cas, le traitement repose sur notre int\u00e9r\u00eat l\u00e9gitime \u00e0 traiter efficacement les demandes qui nous sont adress\u00e9es (article 6, paragraphe 1, point f) du RGPD) ou sur votre consentement (article 6, paragraphe 1, point a) du RGPD) dans la mesure o\u00f9 celui-ci a \u00e9t\u00e9 demand\u00e9 ; le consentement peut \u00eatre retir\u00e9 \u00e0 tout moment.   <\/p>\n\n<p>Les donn\u00e9es que vous nous avez envoy\u00e9es par le biais de demandes de contact restent chez nous jusqu&rsquo;\u00e0 ce que vous nous demandiez de les supprimer, que vous r\u00e9voquiez votre consentement \u00e0 leur stockage ou que le but du stockage des donn\u00e9es devienne caduc (par exemple, apr\u00e8s le traitement de votre demande). Les dispositions l\u00e9gales contraignantes &#8211; en particulier les d\u00e9lais de conservation l\u00e9gaux &#8211; ne sont pas affect\u00e9es. <\/p>\n\n<h2 class=\"wp-block-heading\">5. les m\u00e9dias sociaux<\/h2>\n\n<h3 class=\"wp-block-heading\">Facebook<\/h3>\n\n<p>Des \u00e9l\u00e9ments du r\u00e9seau social Facebook sont int\u00e9gr\u00e9s sur ce site web. Le fournisseur de ce service est Meta Platforms Ireland Limited, Merrion Road, Dublin 4, D04 X2K5, Irlande. Toutefois, selon Facebook, les donn\u00e9es collect\u00e9es sont \u00e9galement transf\u00e9r\u00e9es aux \u00c9tats-Unis et dans d&rsquo;autres pays tiers.  <\/p>\n\n<p>Vous trouverez ici un aper\u00e7u des \u00e9l\u00e9ments de Facebook Social Media : <a href=\"https:\/\/developers.facebook.com\/docs\/plugins\/?locale=de_DE\" target=\"_blank\" rel=\"noreferrer noopener\">https:\/\/developers.facebook.com\/docs\/plugins\/?locale=de_DE<\/a>.<\/p>\n\n<p>Lorsque l&rsquo;\u00e9l\u00e9ment de m\u00e9dia social est actif, une connexion directe est \u00e9tablie entre votre terminal et le serveur Facebook. Facebook re\u00e7oit ainsi l&rsquo;information que vous avez visit\u00e9 ce site web avec votre adresse IP. Si vous cliquez sur le bouton \u00ab J&rsquo;aime \u00bb de Facebook alors que vous \u00eates connect\u00e9 \u00e0 votre compte Facebook, vous pouvez cr\u00e9er un lien vers le contenu de ce site web sur votre profil Facebook. Facebook peut ainsi attribuer la visite de ce site web \u00e0 votre compte d&rsquo;utilisateur. Nous attirons votre attention sur le fait qu&rsquo;en tant que fournisseur des pages, nous n&rsquo;avons pas connaissance du contenu des donn\u00e9es transmises ni de leur utilisation par Facebook. Vous trouverez de plus amples informations \u00e0 ce sujet dans la d\u00e9claration de protection des donn\u00e9es de Facebook sous : <a href=\"https:\/\/de-de.facebook.com\/privacy\/explanation\" target=\"_blank\" rel=\"noreferrer noopener\">https:\/\/de-de.facebook.com\/privacy\/explanation<\/a>.     <\/p>\n\n<p>L&rsquo;utilisation de ce service se fait sur la base de votre consentement conform\u00e9ment \u00e0 l&rsquo;article 6, paragraphe 1, point a), du RGPD et \u00e0 l&rsquo;article 25, paragraphe 1, de la TDDDG. Ce consentement peut \u00eatre r\u00e9voqu\u00e9 \u00e0 tout moment.    <\/p>\n\n<p>Dans la mesure o\u00f9 des donn\u00e9es personnelles sont collect\u00e9es sur notre site web \u00e0 l&rsquo;aide de l&rsquo;outil d\u00e9crit ici et transmises \u00e0 Facebook, nous et Meta Platforms Ireland Limited, 4 Grand Canal Square, Grand Canal Harbour, Dublin 2, Irlande, sommes conjointement responsables de ce traitement de donn\u00e9es (art. 26 RGPD). Die gemeinsame Verantwortlichkeit beschr\u00e4nkt sich dabei ausschlie\u00dflich auf die Erfassung der Daten und deren Weitergabe an Facebook. Le traitement effectu\u00e9 par Facebook apr\u00e8s la transmission ne fait pas partie de la responsabilit\u00e9 commune. Les obligations qui nous incombent conjointement ont \u00e9t\u00e9 consign\u00e9es dans un accord de traitement conjoint. Vous trouverez le texte de l&rsquo;accord sous : <a href=\"https:\/\/www.facebook.com\/legal\/controller_addendum\" target=\"_blank\" rel=\"noreferrer noopener\">https:\/\/www.facebook.com\/legal\/controller_addendum<\/a>. Laut dieser Vereinbarung sind wir f\u00fcr die Erteilung der Datenschutzinformationen beim Einsatz des Facebook-Tools und f\u00fcr die datenschutzrechtlich sichere Implementierung des Tools auf unserer Website verantwortlich. F\u00fcr die Datensicherheit der Facebook-Produkte ist Facebook verantwortlich. Betroffenenrechte (z. B. Auskunftsersuchen) hinsichtlich der bei Facebook verarbeiteten Daten k\u00f6nnen Sie direkt bei Facebook geltend machen. Wenn Sie die Betroffenenrechte bei uns geltend machen, sind wir verpflichtet, diese an Facebook weiterzuleiten.<\/p>\n\n<p>Le transfert de donn\u00e9es vers les \u00c9tats-Unis est bas\u00e9 sur les clauses contractuelles standard de la Commission europ\u00e9enne. Vous trouverez les d\u00e9tails ici : <a href=\"https:\/\/www.facebook.com\/legal\/EU_data_transfer_addendum\" target=\"_blank\" rel=\"noreferrer noopener\">https:\/\/www.facebook.com\/legal\/EU_data_transfer_addendum<\/a>, <a href=\"https:\/\/de-de.facebook.com\/help\/566994660333381\" target=\"_blank\" rel=\"noreferrer noopener\">https:\/\/de-de.facebook.com\/help\/566994660333381<\/a> et <a href=\"https:\/\/www.facebook.com\/policy.php\" target=\"_blank\" rel=\"noreferrer noopener\">https:\/\/www.facebook.com\/policy.php<\/a>. <\/p>\n\n<p>L&rsquo;entreprise dispose d&rsquo;une certification selon le \u00ab EU-US Data Privacy Framework \u00bb (DPF). Le DPF est un accord entre l&rsquo;Union europ\u00e9enne et les \u00c9tats-Unis visant \u00e0 garantir le respect des normes europ\u00e9ennes en mati\u00e8re de protection des donn\u00e9es lors du traitement de donn\u00e9es aux \u00c9tats-Unis. Chaque entreprise certifi\u00e9e DPF s&rsquo;engage \u00e0 respecter ces normes de protection des donn\u00e9es. Pour plus d&rsquo;informations \u00e0 ce sujet, veuillez consulter le lien suivant : <a href=\"https:\/\/www.dataprivacyframework.gov\/s\/participant-search\/participant-detail?contact=true&amp;id=a2zt0000000GnywAAC&amp;status=Active\" target=\"_blank\" rel=\"noreferrer noopener\">https:\/\/www.dataprivacyframework.gov\/s\/participant-search\/participant-detail?contact=true&amp;id=a2zt0000000GnywAAC&amp;status=Active<\/a>.<\/p>\n\n<h3 class=\"wp-block-heading\">X (anciennement Twitter)<\/h3>\n\n<p>Des fonctions du service X (anciennement Twitter) sont int\u00e9gr\u00e9es sur ce site web. Ces fonctions sont propos\u00e9es par la soci\u00e9t\u00e9 m\u00e8re X Corp., 1355 Market Street, Suite 900, San Francisco, CA 94103, \u00c9tats-Unis. La filiale Twitter International Unlimited Company, One Cumberland Place, Fenian Street, Dublin 2, D02 AX07, Irlande, est responsable du traitement des donn\u00e9es des personnes vivant en dehors des \u00c9tats-Unis.<\/p>\n\n<p>Lorsque l&rsquo;\u00e9l\u00e9ment de m\u00e9dia social est actif, une connexion directe entre votre terminal et le serveur X est \u00e9tablie. X (anciennement Twitter) re\u00e7oit ainsi des informations sur la visite de ce site web de votre part. En utilisant X (anciennement Twitter) et la fonction \u00ab Re-Tweet \u00bb ou \u00ab Repost \u00bb, les sites web que vous avez visit\u00e9s sont reli\u00e9s \u00e0 votre compte X (anciennement Twitter) et port\u00e9s \u00e0 la connaissance d&rsquo;autres utilisateurs. Nous attirons votre attention sur le fait qu&rsquo;en tant que fournisseur des pages, nous n&rsquo;avons pas connaissance du contenu des donn\u00e9es transmises ni de leur utilisation par X (anciennement Twitter). Vous trouverez de plus amples informations \u00e0 ce sujet dans la d\u00e9claration de protection des donn\u00e9es de X (anciennement Twitter) sous : <a href=\"https:\/\/x.com\/de\/privacy\" target=\"_blank\" rel=\"noreferrer noopener\">https:\/\/x.com\/de\/privacy<\/a>.    <\/p>\n\n<p>L&rsquo;utilisation de ce service se fait sur la base de votre consentement conform\u00e9ment \u00e0 l&rsquo;article 6, paragraphe 1, point a), du RGPD et \u00e0 l&rsquo;article 25, paragraphe 1, de la TDDDG. Ce consentement peut \u00eatre r\u00e9voqu\u00e9 \u00e0 tout moment.    <\/p>\n\n<p>Le transfert de donn\u00e9es vers les \u00c9tats-Unis est bas\u00e9 sur les clauses contractuelles standard de la Commission europ\u00e9enne. Vous trouverez les d\u00e9tails ici : <a href=\"https:\/\/gdpr.x.com\/en\/controller-to-controller-transfers.html\" target=\"_blank\" rel=\"noreferrer noopener\">https:\/\/gdpr.x.com\/en\/controller-to-controller-transfers.html<\/a>. <\/p>\n\n<p>Vous pouvez modifier vos param\u00e8tres de confidentialit\u00e9 chez X (anciennement Twitter) dans les param\u00e8tres de votre compte sous <a href=\"https:\/\/x.com\/settings\/account\" target=\"_blank\" rel=\"noreferrer noopener\">https:\/\/x.com\/settings\/account<\/a><\/p>\n\n<h3 class=\"wp-block-heading\">Linkedin<\/h3>\n\n<p>Des fonctions du service Linkedin sont int\u00e9gr\u00e9es sur ce site web. L&rsquo;utilisation de ce service se fait sur la base de votre consentement conform\u00e9ment \u00e0 l&rsquo;article 6, paragraphe 1, point a) du RGPD et \u00e0 l&rsquo;article 25, paragraphe 1 de la TDDDG. Ce consentement peut \u00eatre r\u00e9voqu\u00e9 \u00e0 tout moment.     <\/p>\n\n<p>Lorsque l&rsquo;\u00e9l\u00e9ment de m\u00e9dia social est actif, une connexion directe est \u00e9tablie entre votre terminal et le serveur Linkedin. Linkedin re\u00e7oit ainsi l&rsquo;information que vous avez visit\u00e9 ce site web avec votre adresse IP. Si vous cliquez sur le \u00ab bouton de partage \u00bb Linkedin alors que vous \u00eates connect\u00e9 \u00e0 votre compte Linkedin, vous pouvez lier le contenu de ce site web \u00e0 votre profil Linkedin. Linkedin peut ainsi associer la visite de ce site web \u00e0 votre compte d&rsquo;utilisateur. Nous attirons votre attention sur le fait qu&rsquo;en tant que fournisseur des pages, nous n&rsquo;avons pas connaissance du contenu des donn\u00e9es transmises ni de leur utilisation par Linkedin. Vous trouverez de plus amples informations \u00e0 ce sujet dans la d\u00e9claration de protection des donn\u00e9es de Facebook sous : <a href=\"https:\/\/de-de.facebook.com\/privacy\/explanation\" target=\"_blank\" rel=\"noreferrer noopener\">https:\/\/de.linkedin.com\/legal\/privacy-policy?<\/a>.     <\/p>\n\n<h2 class=\"wp-block-heading\">6. outils d&rsquo;analyse et publicit\u00e9<\/h2>\n\n<h3 class=\"wp-block-heading\">WP Statistics<\/h3>\n\n<p>Ce site web utilise l&rsquo;outil d&rsquo;analyse WP Statistics pour \u00e9valuer statistiquement les acc\u00e8s des visiteurs. Le fournisseur est Veronalabs, Tatari 64, 10134, Tallinn, Estonie. (<a href=\"https:\/\/veronalabs.com\" target=\"_blank\" rel=\"noreferrer noopener\">https:\/\/veronalabs.com<\/a>). <\/p>\n\n<p>WP Statistics nous permet d&rsquo;analyser l&rsquo;utilisation de notre site web. Pour ce faire, WP Statistics collecte notamment les fichiers journaux (adresse IP, r\u00e9f\u00e9rent, navigateur utilis\u00e9, origine de l&rsquo;utilisateur, moteur de recherche utilis\u00e9) et les actions effectu\u00e9es par les visiteurs du site sur la page (par exemple, les clics et les vues). <\/p>\n\n<p>Les donn\u00e9es collect\u00e9es avec WP Statistics sont exclusivement stock\u00e9es sur notre propre serveur.<\/p>\n\n<p>L&rsquo;utilisation de cet outil d&rsquo;analyse est bas\u00e9e sur l&rsquo;art. 6, al. 1, let. f du RGPD.   Nous avons un int\u00e9r\u00eat l\u00e9gitime \u00e0 analyser de mani\u00e8re anonyme le comportement des utilisateurs afin d&rsquo;optimiser notre offre web et notre publicit\u00e9. Si un consentement correspondant a \u00e9t\u00e9 demand\u00e9, le traitement est effectu\u00e9 exclusivement sur la base de l&rsquo;art. 6, al. 1, let. a du RGPD et de l&rsquo;art. 25, al.   1 TDDDG, dans la mesure o\u00f9 le consentement comprend le stockage de cookies ou l&rsquo;acc\u00e8s \u00e0 des informations sur le terminal de l&rsquo;utilisateur (par exemple, l&#8217;empreinte digitale de l&rsquo;appareil) au sens de la TDDDG. Le consentement peut \u00eatre r\u00e9voqu\u00e9 \u00e0 tout moment.<\/p>\n\n<h4 class=\"wp-block-heading\">Anonymisation des IP<\/h4>\n\n<p>Nous utilisons WP Statistics avec IP anonymis\u00e9e. Votre adresse IP est alors tronqu\u00e9e, de sorte qu&rsquo;elle ne peut plus vous \u00eatre directement attribu\u00e9e. <\/p>\n\n<h2 class=\"wp-block-heading\">7. bulletin d&rsquo;information<\/h2>\n\n<h3 class=\"wp-block-heading\">Donn\u00e9es de la newsletter<\/h3>\n\n<p>Si vous souhaitez recevoir la newsletter propos\u00e9e sur le site, nous avons besoin d&rsquo;une adresse e-mail ainsi que d&rsquo;informations qui nous permettent de v\u00e9rifier que vous \u00eates bien le propri\u00e9taire de l&rsquo;adresse e-mail indiqu\u00e9e et que vous acceptez de recevoir la newsletter. D&rsquo;autres donn\u00e9es ne sont pas collect\u00e9es ou uniquement sur une base volontaire. Nous utilisons ces donn\u00e9es exclusivement pour l&rsquo;envoi des informations demand\u00e9es et ne les transmettons pas \u00e0 des tiers.  <\/p>\n\n<p>Le traitement des donn\u00e9es saisies dans le formulaire d&rsquo;inscription \u00e0 la newsletter s&rsquo;effectue exclusivement sur la base de votre consentement (article 6, paragraphe 1, point a) du RGPD). Vous pouvez r\u00e9voquer \u00e0 tout moment votre consentement \u00e0 l&rsquo;enregistrement des donn\u00e9es, de l&rsquo;adresse e-mail et de leur utilisation pour l&rsquo;envoi de la newsletter, par exemple en cliquant sur le lien \u00ab se d\u00e9sinscrire \u00bb dans la newsletter. La l\u00e9galit\u00e9 des op\u00e9rations de traitement des donn\u00e9es d\u00e9j\u00e0 effectu\u00e9es n&rsquo;est pas affect\u00e9e par la r\u00e9vocation.  <\/p>\n\n<p>Les donn\u00e9es que vous avez d\u00e9pos\u00e9es chez nous dans le but de recevoir la newsletter sont enregistr\u00e9es par nous ou par le fournisseur de services de la newsletter jusqu&rsquo;\u00e0 ce que vous vous d\u00e9sabonniez de la newsletter et sont supprim\u00e9es de la liste de distribution de la newsletter apr\u00e8s le d\u00e9sabonnement de la newsletter ou si la finalit\u00e9 n&rsquo;est plus respect\u00e9e. Nous nous r\u00e9servons le droit de supprimer ou de bloquer des adresses e-mail de notre liste de diffusion de la newsletter, \u00e0 notre discr\u00e9tion, dans le cadre de notre int\u00e9r\u00eat l\u00e9gitime selon l&rsquo;article 6, paragraphe 1, point f) du RGPD.   <\/p>\n\n<p>Les donn\u00e9es qui ont \u00e9t\u00e9 enregistr\u00e9es chez nous \u00e0 d&rsquo;autres fins n&rsquo;en sont pas affect\u00e9es.<\/p>\n\n<p>Apr\u00e8s votre d\u00e9sinscription de la liste de distribution de la newsletter, votre adresse e-mail sera \u00e9ventuellement enregistr\u00e9e dans une liste noire chez nous ou chez le fournisseur de services de la newsletter, dans la mesure o\u00f9 cela est n\u00e9cessaire pour emp\u00eacher de futurs mailings. Les donn\u00e9es de la liste noire ne sont utilis\u00e9es qu&rsquo;\u00e0 cette fin et ne sont pas recoup\u00e9es avec d&rsquo;autres donn\u00e9es. Cela sert \u00e0 la fois votre int\u00e9r\u00eat et notre int\u00e9r\u00eat \u00e0 respecter les exigences l\u00e9gales lors de l&rsquo;envoi de newsletters (int\u00e9r\u00eat l\u00e9gitime au sens de l&rsquo;article 6, paragraphe 1, point f du RGPD). L&rsquo;enregistrement dans la liste noire n&rsquo;est pas limit\u00e9 dans le temps.    <strong>Vous pouvez vous opposer \u00e0 l&rsquo;enregistrement si vos int\u00e9r\u00eats pr\u00e9valent sur notre int\u00e9r\u00eat l\u00e9gitime.<\/strong><\/p>\n\n<h2 class=\"wp-block-heading\">8. plugins et outils<\/h2>\n\n<h3 class=\"wp-block-heading\">Font Awesome<\/h3>\n\n<p>Ce site utilise Font Awesome pour l&rsquo;affichage uniforme des polices et des symboles. Le fournisseur est Fonticons, Inc, 6 Porter Road Apartment 3R, Cambridge, Massachusetts, USA.<\/p>\n\n<p>Lorsque vous consultez une page, votre navigateur charge les polices n\u00e9cessaires dans son cache afin d&rsquo;afficher correctement les textes, les polices et les symboles. Pour cela, le navigateur que vous utilisez doit se connecter aux serveurs de Font Awesome. Font Awesome est ainsi inform\u00e9 que ce site web a \u00e9t\u00e9 consult\u00e9 via votre adresse IP. L&rsquo;utilisation de Font Awesome est bas\u00e9e sur l&rsquo;art. 6, al. 1, let. f RGPD.   Nous avons un int\u00e9r\u00eat l\u00e9gitime \u00e0 pr\u00e9senter une typographie uniforme sur notre site web. Si un consentement correspondant a \u00e9t\u00e9 demand\u00e9, le traitement est effectu\u00e9 exclusivement sur la base de l&rsquo;art. 6, al. 1, let. a du RGPD et de l&rsquo;art. 25, al.   1 TDDDG, dans la mesure o\u00f9 le consentement comprend le stockage de cookies ou l&rsquo;acc\u00e8s \u00e0 des informations sur le terminal de l&rsquo;utilisateur (par exemple, l&#8217;empreinte digitale de l&rsquo;appareil) au sens de la TDDDG. Le consentement peut \u00eatre r\u00e9voqu\u00e9 \u00e0 tout moment.<\/p>\n\n<p>Si votre navigateur ne prend pas en charge Font Awesome, une police standard est utilis\u00e9e par votre ordinateur.<\/p>\n\n<p>Pour plus d&rsquo;informations sur Font Awesome, veuillez consulter la d\u00e9claration de confidentialit\u00e9 de Font Awesome : <a href=\"https:\/\/fontawesome.com\/privacy\" target=\"_blank\" rel=\"noreferrer noopener\">https:\/\/fontawesome.com\/privacy<\/a>.<\/p>\n\n<h3 class=\"wp-block-heading\">Google Maps<\/h3>\n\n<p>Ce site utilise le service de cartographie Google Maps. Le fournisseur est Google Ireland Limited (\u00ab Google \u00bb), Gordon House, Barrow Street, Dublin 4, Irlande. Ce service nous permet d&rsquo;int\u00e9grer des cartes sur notre site.  <\/p>\n\n<p>Pour utiliser les fonctions de Google Maps, il est n\u00e9cessaire d&rsquo;enregistrer votre adresse IP. Cette information est g\u00e9n\u00e9ralement transmise \u00e0 un serveur de Google aux \u00c9tats-Unis et y est enregistr\u00e9e. Le fournisseur de ce site n&rsquo;a aucune influence sur cette transmission de donn\u00e9es. Si Google Maps est activ\u00e9, Google peut utiliser Google Fonts \u00e0 des fins de pr\u00e9sentation uniforme des polices de caract\u00e8res. Lors de l&rsquo;appel de Google Maps, votre navigateur charge les Web Fonts n\u00e9cessaires dans le cache de votre navigateur afin d&rsquo;afficher correctement les textes et les polices.    <\/p>\n\n<p>L&rsquo;utilisation de Google Maps sert \u00e0 pr\u00e9senter nos offres en ligne de mani\u00e8re attrayante et \u00e0 faciliter la localisation des lieux indiqu\u00e9s sur notre site web. Cela constitue un int\u00e9r\u00eat l\u00e9gitime au sens de l&rsquo;article 6, paragraphe 1, point f), du RGPD.   Si un consentement correspondant a \u00e9t\u00e9 demand\u00e9, le traitement est effectu\u00e9 exclusivement sur la base de l&rsquo;art. 6, al. 1, let. a du RGPD et de l&rsquo;art. 25, al.   1 TDDDG, dans la mesure o\u00f9 le consentement comprend le stockage de cookies ou l&rsquo;acc\u00e8s \u00e0 des informations sur le terminal de l&rsquo;utilisateur (par exemple, l&#8217;empreinte digitale de l&rsquo;appareil) au sens de la TDDDG. Le consentement peut \u00eatre r\u00e9voqu\u00e9 \u00e0 tout moment.<\/p>\n\n<p>Le transfert de donn\u00e9es vers les \u00c9tats-Unis est bas\u00e9 sur les clauses contractuelles standard de la Commission europ\u00e9enne. Vous trouverez les d\u00e9tails ici : <a href=\"https:\/\/privacy.google.com\/businesses\/gdprcontrollerterms\/\" target=\"_blank\" rel=\"noreferrer noopener\">https:\/\/privacy.google.com\/businesses\/gdprcontrollerterms\/<\/a> et <a href=\"https:\/\/privacy.google.com\/businesses\/gdprcontrollerterms\/sccs\/\" target=\"_blank\" rel=\"noreferrer noopener\">https:\/\/privacy.google.com\/businesses\/gdprcontrollerterms\/sccs\/<\/a>. <\/p>\n\n<p>Vous trouverez plus d&rsquo;informations sur le traitement des donn\u00e9es des utilisateurs dans la d\u00e9claration de confidentialit\u00e9 de Google : <a href=\"https:\/\/policies.google.com\/privacy?hl=de\" target=\"_blank\" rel=\"noreferrer noopener\">https:\/\/policies.google.com\/privacy?hl=de<\/a>.<\/p>\n\n<p>L&rsquo;entreprise dispose d&rsquo;une certification selon le \u00ab EU-US Data Privacy Framework \u00bb (DPF). Le DPF est un accord entre l&rsquo;Union europ\u00e9enne et les \u00c9tats-Unis visant \u00e0 garantir le respect des normes europ\u00e9ennes en mati\u00e8re de protection des donn\u00e9es lors du traitement des donn\u00e9es aux \u00c9tats-Unis. Toute entreprise certifi\u00e9e selon le DPF s&rsquo;engage \u00e0 respecter ces normes de protection des donn\u00e9es. Pour plus d&rsquo;informations \u00e0 ce sujet, veuillez contacter le fournisseur en cliquant sur le lien suivant : <a href=\"https:\/\/www.dataprivacyframework.gov\/participant\/5780\" target=\"_blank\" rel=\"noreferrer noopener\">https:\/\/www.dataprivacyframework.gov\/participant\/5780<\/a>.   <\/p>\n\n<p><\/p>\n","protected":false},"excerpt":{"rendered":"<p>D\u00e9claration de confidentialit\u00e9 1. la protection des donn\u00e9es en un coup d&rsquo;\u0153il Remarques g\u00e9n\u00e9rales Les remarques suivantes donnent un aper\u00e7u simple de ce qu\u2019il advient de vos [&hellip;]<\/p>\n","protected":false},"author":1,"featured_media":0,"parent":0,"menu_order":0,"comment_status":"closed","ping_status":"closed","template":"","meta":{"footnotes":""},"class_list":["post-7020","page","type-page","status-publish","hentry"],"_links":{"self":[{"href":"https:\/\/rehwald-associates.ch\/fr\/wp-json\/wp\/v2\/pages\/7020","targetHints":{"allow":["GET"]}}],"collection":[{"href":"https:\/\/rehwald-associates.ch\/fr\/wp-json\/wp\/v2\/pages"}],"about":[{"href":"https:\/\/rehwald-associates.ch\/fr\/wp-json\/wp\/v2\/types\/page"}],"author":[{"embeddable":true,"href":"https:\/\/rehwald-associates.ch\/fr\/wp-json\/wp\/v2\/users\/1"}],"replies":[{"embeddable":true,"href":"https:\/\/rehwald-associates.ch\/fr\/wp-json\/wp\/v2\/comments?post=7020"}],"version-history":[{"count":2,"href":"https:\/\/rehwald-associates.ch\/fr\/wp-json\/wp\/v2\/pages\/7020\/revisions"}],"predecessor-version":[{"id":7192,"href":"https:\/\/rehwald-associates.ch\/fr\/wp-json\/wp\/v2\/pages\/7020\/revisions\/7192"}],"wp:attachment":[{"href":"https:\/\/rehwald-associates.ch\/fr\/wp-json\/wp\/v2\/media?parent=7020"}],"curies":[{"name":"wp","href":"https:\/\/api.w.org\/{rel}","templated":true}]}}